{"id":324,"date":"2022-05-10T10:57:08","date_gmt":"2022-05-10T10:57:08","guid":{"rendered":"https:\/\/qhapaqnan.qiri.cl\/?page_id=324"},"modified":"2022-05-13T10:38:32","modified_gmt":"2022-05-13T10:38:32","slug":"tourist-places","status":"publish","type":"page","link":"https:\/\/qhapaqnan.qiri.cl\/es\/tourist-places\/","title":{"rendered":"Lugares Turisticos"},"content":{"rendered":"<p>[et_pb_section fb_built=&#8221;1&#8243; admin_label=&#8221;Hero Section&#8221; _builder_version=&#8221;4.17.4&#8243; _module_preset=&#8221;default&#8221; background_image=&#8221;https:\/\/qhapaqnan.qiri.cl\/wp-content\/uploads\/2022\/05\/MicrosoftTeams-image-8.jpg&#8221; custom_margin=&#8221;|||&#8221; custom_padding=&#8221;14%|0px|14%|0px&#8221; global_colors_info=&#8221;{}&#8221;][et_pb_row custom_padding_last_edited=&#8221;off|desktop&#8221; admin_label=&#8221;Hero Area&#8221; _builder_version=&#8221;4.16&#8243; _module_preset=&#8221;default&#8221; custom_padding=&#8221;27px|0px|0px|0px&#8221; global_colors_info=&#8221;{}&#8221;][et_pb_column type=&#8221;4_4&#8243; _builder_version=&#8221;4.16&#8243; _module_preset=&#8221;default&#8221; custom_padding=&#8221;|||&#8221; global_colors_info=&#8221;{}&#8221; custom_padding__hover=&#8221;|||&#8221;][et_pb_text admin_label=&#8221;Hero Title&#8221; _builder_version=&#8221;4.17.4&#8243; _module_preset=&#8221;default&#8221; text_font=&#8221;Archivo||||||||&#8221; text_text_color=&#8221;gcid-7afeed5f-41fc-4f5d-9890-f9569f9927d2&#8243; header_font=&#8221;Archivo||||||||&#8221; header_text_align=&#8221;center&#8221; header_text_color=&#8221;gcid-ec3e0492-0847-45d4-8398-c152a150c876&#8243; header_font_size=&#8221;94px&#8221; header_letter_spacing=&#8221;-3px&#8221; header_line_height=&#8221;1.1em&#8221; animation_style=&#8221;slide&#8221; animation_direction=&#8221;left&#8221; animation_intensity_slide=&#8221;5%&#8221; animation_starting_opacity=&#8221;100%&#8221; hover_enabled=&#8221;0&#8243; text_font_size_last_edited=&#8221;off|desktop&#8221; header_font_size_tablet=&#8221;&#8221; header_font_size_phone=&#8221;60px&#8221; header_font_size_last_edited=&#8221;on|phone&#8221; header_text_shadow_style=&#8221;preset3&#8243; global_colors_info=&#8221;{%22gcid-7afeed5f-41fc-4f5d-9890-f9569f9927d2%22:%91%22text_text_color%22%93,%22gcid-ec3e0492-0847-45d4-8398-c152a150c876%22:%91%22header_text_color%22%93}&#8221; sticky_enabled=&#8221;0&#8243;]<\/p>\n<h1>lugar turistico para descubrir<\/h1>\n<p>[\/et_pb_text][\/et_pb_column][\/et_pb_row][\/et_pb_section][et_pb_section fb_built=&#8221;1&#8243; _builder_version=&#8221;4.17.4&#8243; _module_preset=&#8221;default&#8221; background_color=&#8221;gcid-ec3e0492-0847-45d4-8398-c152a150c876&#8243; background_enable_mask_style=&#8221;on&#8221; background_mask_style=&#8221;wave&#8221; global_colors_info=&#8221;{%22gcid-ec3e0492-0847-45d4-8398-c152a150c876%22:%91%22background_color%22%93}&#8221;][et_pb_row column_structure=&#8221;1_2,1_2&#8243; _builder_version=&#8221;4.17.3&#8243; _module_preset=&#8221;default&#8221; global_colors_info=&#8221;{}&#8221;][et_pb_column type=&#8221;1_2&#8243; _builder_version=&#8221;4.17.3&#8243; _module_preset=&#8221;default&#8221; global_colors_info=&#8221;{}&#8221;][et_pb_image src=&#8221;https:\/\/qhapaqnan.qiri.cl\/wp-content\/uploads\/2022\/05\/Fiesta_religiosa_Cruz_de_Mayo.jpg&#8221; title_text=&#8221;Fiesta_religiosa_Cruz_de_Mayo&#8221; _builder_version=&#8221;4.17.4&#8243; _module_preset=&#8221;default&#8221; border_radii=&#8221;on|10px|10px|10px|10px&#8221; box_shadow_style=&#8221;preset1&#8243; global_colors_info=&#8221;{}&#8221;][\/et_pb_image][\/et_pb_column][et_pb_column type=&#8221;1_2&#8243; _builder_version=&#8221;4.17.3&#8243; _module_preset=&#8221;default&#8221; global_colors_info=&#8221;{}&#8221;][et_pb_text _builder_version=&#8221;4.17.4&#8243; _module_preset=&#8221;default&#8221; text_font=&#8221;Archivo||||||||&#8221; header_2_text_color=&#8221;gcid-8e15a60b-178f-494d-8d96-a26d31d91203&#8243; text_orientation=&#8221;right&#8221; custom_padding=&#8221;||1px|||&#8221; inline_fonts=&#8221;Archivo&#8221; global_colors_info=&#8221;{%22gcid-8e15a60b-178f-494d-8d96-a26d31d91203%22:%91%22header_2_text_color%22%93}&#8221;]<\/p>\n<div class=\"page\" title=\"p\u00e1gina 5\">\n<div class=\"section\">\n<div class=\"layoutArea\">\n<div class=\"column\">\n<h2><span style=\"text-decoration: underline;font-family: Archivo\"><strong>Cruz de mayo<\/strong><\/span><\/h2>\n<\/div>\n<\/div>\n<\/div>\n<\/div>\n<p>[\/et_pb_text][et_pb_text _builder_version=&#8221;4.17.4&#8243; _module_preset=&#8221;default&#8221; text_font=&#8221;Archivo||||||||&#8221; text_font_size=&#8221;18px&#8221; custom_margin=&#8221;50px||||false|false&#8221; inline_fonts=&#8221;Archivo&#8221; global_colors_info=&#8221;{}&#8221;]<\/p>\n<div class=\"page\" title=\"p\u00e1gina 5\">\n<div class=\"section\">\n<div class=\"layoutArea\">\n<div class=\"column\">\n<p><span style=\"font-family: Archivo;font-weight: normal\">The cruces de mayo, are a syncretism between Catholicism and the tribute of the Malkus or tutelary hills. In this festivity of the cruces de Mayo different villages are visited and honoured by the devotees who attend their apacheta to pilgrimage several kilometres from the town. During this celebration and only for this feast, devotees sing the Kukulis, or &#8220;versos de mayos&#8221;. Sad tunes to sing, to dance and to brighten up the days<\/span><\/p>\n<\/div>\n<\/div>\n<\/div>\n<\/div>\n<p>[\/et_pb_text][\/et_pb_column][\/et_pb_row][et_pb_row column_structure=&#8221;1_2,1_2&#8243; _builder_version=&#8221;4.17.3&#8243; _module_preset=&#8221;default&#8221; global_colors_info=&#8221;{}&#8221;][et_pb_column type=&#8221;1_2&#8243; _builder_version=&#8221;4.17.3&#8243; _module_preset=&#8221;default&#8221; global_colors_info=&#8221;{}&#8221;][et_pb_image src=&#8221;https:\/\/qhapaqnan.qiri.cl\/wp-content\/uploads\/2022\/05\/Termes_de_Jurasi_-_Xile.jpg&#8221; title_text=&#8221;Termes_de_Jurasi_-_Xile&#8221; _builder_version=&#8221;4.17.4&#8243; _module_preset=&#8221;default&#8221; border_radii=&#8221;on|10px|10px|10px|10px&#8221; box_shadow_style=&#8221;preset1&#8243; global_colors_info=&#8221;{}&#8221;][\/et_pb_image][\/et_pb_column][et_pb_column type=&#8221;1_2&#8243; _builder_version=&#8221;4.17.3&#8243; _module_preset=&#8221;default&#8221; global_colors_info=&#8221;{}&#8221;][et_pb_text _builder_version=&#8221;4.17.4&#8243; _module_preset=&#8221;default&#8221; text_font=&#8221;Archivo||||||||&#8221; header_2_text_color=&#8221;gcid-8e15a60b-178f-494d-8d96-a26d31d91203&#8243; text_orientation=&#8221;right&#8221; custom_padding=&#8221;||1px|||&#8221; inline_fonts=&#8221;Archivo&#8221; global_colors_info=&#8221;{%22gcid-8e15a60b-178f-494d-8d96-a26d31d91203%22:%91%22header_2_text_color%22%93}&#8221;]<\/p>\n<div class=\"page\" title=\"p\u00e1gina 5\">\n<div class=\"section\">\n<div class=\"layoutArea\">\n<div class=\"column\">\n<div class=\"page\" title=\"p\u00e1gina 5\">\n<div class=\"section\">\n<div class=\"layoutArea\">\n<div class=\"column\">\n<h2><span style=\"text-decoration: underline;font-family: Archivo\"><strong>Termas de Jurasi<\/strong><\/span><\/h2>\n<\/div>\n<\/div>\n<\/div>\n<\/div>\n<\/div>\n<\/div>\n<\/div>\n<\/div>\n<p>[\/et_pb_text][et_pb_text _builder_version=&#8221;4.17.4&#8243; _module_preset=&#8221;default&#8221; text_font=&#8221;Archivo||||||||&#8221; text_font_size=&#8221;18px&#8221; custom_margin=&#8221;50px||||false|false&#8221; inline_fonts=&#8221;Archivo&#8221; global_colors_info=&#8221;{}&#8221;]<\/p>\n<div class=\"page\" title=\"p\u00e1gina 5\">\n<div class=\"section\">\n<div class=\"layoutArea\">\n<div class=\"column\">\n<div class=\"page\" title=\"p\u00e1gina 5\">\n<div class=\"section\">\n<div class=\"layoutArea\">\n<div class=\"column\">\n<p><span style=\"font-family: Archivo;font-weight: normal\">Situadas al Oeste del pueblo de Putre, a una altura de 4.000 m.s.n.m. Puedes disfrutar de las vertientes canalizadas, las cuales son fuentes h\u00edper termales consideradas aguas medicinales. Estas vertientes llegan a 2 lugares, una es una poza al aire libre, y la otra llega a una caba\u00f1a con piscina de concreto. Las temperaturas del agua son de 53\u00b0 y 50\u00b0C, mientras que el promedio de la temperatura ambiental anual es de 10\u00b0 C. Al lugar puedes llegar por la carretera CH-11 y en un desv\u00edo recorriendo 3 kms. Por la ladera Noroeste<\/span><\/p>\n<\/div>\n<\/div>\n<\/div>\n<\/div>\n<\/div>\n<\/div>\n<\/div>\n<\/div>\n<p>[\/et_pb_text][\/et_pb_column][\/et_pb_row][et_pb_row column_structure=&#8221;1_2,1_2&#8243; _builder_version=&#8221;4.17.3&#8243; _module_preset=&#8221;default&#8221; global_colors_info=&#8221;{}&#8221;][et_pb_column type=&#8221;1_2&#8243; _builder_version=&#8221;4.17.3&#8243; _module_preset=&#8221;default&#8221; global_colors_info=&#8221;{}&#8221;][et_pb_image src=&#8221;https:\/\/qhapaqnan.qiri.cl\/wp-content\/uploads\/2022\/05\/lago_chungara.jpg&#8221; title_text=&#8221;lago_chungara&#8221; _builder_version=&#8221;4.17.4&#8243; _module_preset=&#8221;default&#8221; border_radii=&#8221;on|10px|10px|10px|10px&#8221; box_shadow_style=&#8221;preset1&#8243; global_colors_info=&#8221;{}&#8221;][\/et_pb_image][\/et_pb_column][et_pb_column type=&#8221;1_2&#8243; _builder_version=&#8221;4.17.3&#8243; _module_preset=&#8221;default&#8221; global_colors_info=&#8221;{}&#8221;][et_pb_text _builder_version=&#8221;4.17.4&#8243; _module_preset=&#8221;default&#8221; text_font=&#8221;Archivo||||||||&#8221; header_2_text_color=&#8221;gcid-8e15a60b-178f-494d-8d96-a26d31d91203&#8243; text_orientation=&#8221;right&#8221; custom_padding=&#8221;||1px|||&#8221; inline_fonts=&#8221;Archivo&#8221; global_colors_info=&#8221;{%22gcid-8e15a60b-178f-494d-8d96-a26d31d91203%22:%91%22header_2_text_color%22%93}&#8221;]<\/p>\n<div class=\"page\" title=\"p\u00e1gina 5\">\n<div class=\"section\">\n<div class=\"layoutArea\">\n<div class=\"column\">\n<div class=\"page\" title=\"p\u00e1gina 5\">\n<div class=\"section\">\n<div class=\"layoutArea\">\n<div class=\"column\">\n<h2><span style=\"text-decoration: underline;font-family: Archivo\"><span style=\"font-weight: normal\"><strong>Lago Chungar\u00e1<\/strong><\/span><\/span><\/h2>\n<\/div>\n<\/div>\n<\/div>\n<\/div>\n<\/div>\n<\/div>\n<\/div>\n<\/div>\n<p>[\/et_pb_text][et_pb_text _builder_version=&#8221;4.17.4&#8243; _module_preset=&#8221;default&#8221; text_font=&#8221;Archivo||||||||&#8221; text_font_size=&#8221;18px&#8221; inline_fonts=&#8221;Archivo,Architects Daughter&#8221; global_colors_info=&#8221;{}&#8221;]<\/p>\n<div class=\"page\" title=\"p\u00e1gina 5\">\n<div class=\"section\">\n<div class=\"layoutArea\">\n<div class=\"column\">\n<div class=\"page\" title=\"p\u00e1gina 5\">\n<div class=\"section\">\n<div class=\"layoutArea\">\n<div class=\"column\">\n<p><span style=\"font-family: Archivo;font-weight: normal\">EL lago Chungar\u00e1 es uno de los de los lagos m\u00e1s altos del mundo, a 4750 m sobre el nivel del mar. Este se encuentra en medio del Parque Nacional Lauca y est\u00e1 a los pies de los Payachatas (volc\u00e1n de Parinacota y Pomerape) y el pico de Sajama y Guallatiri. El lago alberga una fauna \u00fanica que cuenta con m\u00e1s de 130 especies aut\u00f3ctonas, como por ejemplo los flamencos y adem\u00e1s est\u00e1 rodeado de una fauna singular como por ejemplo las Llamas. Tambi\u00e9n se caracteriza por ser uno de los principales atractivos dentro del Parque Nacional Lauca, debido a su espectacular paisaje y topograf\u00eda que invita a los turistas a apreciar la naturaleza y capturar el momento.<\/span><\/p>\n<\/div>\n<\/div>\n<\/div>\n<\/div>\n<p>&nbsp;<\/p>\n<\/div>\n<\/div>\n<\/div>\n<\/div>\n<p>[\/et_pb_text][\/et_pb_column][\/et_pb_row][et_pb_row column_structure=&#8221;1_2,1_2&#8243; _builder_version=&#8221;4.17.3&#8243; _module_preset=&#8221;default&#8221; global_colors_info=&#8221;{}&#8221;][et_pb_column type=&#8221;1_2&#8243; _builder_version=&#8221;4.17.3&#8243; _module_preset=&#8221;default&#8221; global_colors_info=&#8221;{}&#8221;][et_pb_image src=&#8221;https:\/\/qhapaqnan.qiri.cl\/wp-content\/uploads\/2022\/05\/2-13.jpg&#8221; title_text=&#8221;2-13&#8243; _builder_version=&#8221;4.17.4&#8243; _module_preset=&#8221;default&#8221; border_radii=&#8221;on|10px|10px|10px|10px&#8221; box_shadow_style=&#8221;preset1&#8243; global_colors_info=&#8221;{}&#8221;][\/et_pb_image][\/et_pb_column][et_pb_column type=&#8221;1_2&#8243; _builder_version=&#8221;4.17.3&#8243; _module_preset=&#8221;default&#8221; global_colors_info=&#8221;{}&#8221;][et_pb_text _builder_version=&#8221;4.17.4&#8243; _module_preset=&#8221;default&#8221; text_font=&#8221;Archivo||||||||&#8221; header_2_text_color=&#8221;gcid-8e15a60b-178f-494d-8d96-a26d31d91203&#8243; text_orientation=&#8221;right&#8221; custom_padding=&#8221;||1px|||&#8221; inline_fonts=&#8221;Archivo&#8221; global_colors_info=&#8221;{%22gcid-8e15a60b-178f-494d-8d96-a26d31d91203%22:%91%22header_2_text_color%22%93}&#8221;]<\/p>\n<div class=\"page\" title=\"p\u00e1gina 5\">\n<div class=\"section\">\n<div class=\"layoutArea\">\n<div class=\"column\">\n<div class=\"page\" title=\"p\u00e1gina 5\">\n<div class=\"section\">\n<div class=\"layoutArea\">\n<div class=\"column\">\n<div class=\"page\" title=\"p\u00e1gina 5\">\n<div class=\"section\">\n<div class=\"layoutArea\">\n<div class=\"column\">\n<h2><span style=\"text-decoration: underline;font-family: Archivo\"><span style=\"font-weight: normal\"><strong>Salar de Surire<\/strong><\/span><\/span><\/h2>\n<\/div>\n<\/div>\n<\/div>\n<\/div>\n<\/div>\n<\/div>\n<\/div>\n<\/div>\n<\/div>\n<\/div>\n<\/div>\n<\/div>\n<p>[\/et_pb_text][et_pb_text _builder_version=&#8221;4.17.4&#8243; _module_preset=&#8221;default&#8221; text_font=&#8221;Archivo||||||||&#8221; text_font_size=&#8221;18px&#8221; inline_fonts=&#8221;Archivo&#8221; global_colors_info=&#8221;{}&#8221;]<\/p>\n<div class=\"page\" title=\"p\u00e1gina 5\">\n<div class=\"section\">\n<div class=\"layoutArea\">\n<div class=\"column\">\n<div class=\"page\" title=\"p\u00e1gina 5\">\n<div class=\"section\">\n<div class=\"layoutArea\">\n<div class=\"column\">\n<div class=\"page\" title=\"p\u00e1gina 5\">\n<div class=\"section\">\n<div class=\"layoutArea\">\n<div class=\"column\">\n<p><span style=\"font-family: Archivo\">El nombre de Surire proviene de la palabra \"suri\" o \u00f1and\u00fa, una especie de avestruz chilena que vive en la zona y que puede ser observada durante su visita. A 4.200 m sobre el nivel del mar, este atractivo se caracteriza por sus enormes dep\u00f3sitos de sal y sus ecosistemas de gran altitud. El monumento tiene m\u00e1s de 11 mil hect\u00e1reas y es el hogar de muchas especies de fauna rara, como el \u00f1and\u00fa, los flamencos, las avocetas andinas, los patos crestados y las especies de llamas, incluidas las vicu\u00f1as y las alpacas. La temperatura oscila entre los -15\u00baC (5\u00baF) por la noche y los 5\u00baC (41\u00baF) durante el d\u00eda. La geograf\u00eda corresponde casi en su totalidad a la salinidad, que se aprecia claramente en el cerro central de Oquealla con una altura de 4.322 m.<\/span><\/p>\n<\/div>\n<\/div>\n<\/div>\n<\/div>\n<\/div>\n<\/div>\n<\/div>\n<\/div>\n<p>&nbsp;<\/p>\n<\/div>\n<\/div>\n<\/div>\n<\/div>\n<p>[\/et_pb_text][\/et_pb_column][\/et_pb_row][et_pb_row column_structure=&#8221;1_2,1_2&#8243; _builder_version=&#8221;4.17.3&#8243; _module_preset=&#8221;default&#8221; custom_padding=&#8221;2px|||||&#8221; global_colors_info=&#8221;{}&#8221;][et_pb_column type=&#8221;1_2&#8243; _builder_version=&#8221;4.17.3&#8243; _module_preset=&#8221;default&#8221; global_colors_info=&#8221;{}&#8221;][et_pb_image src=&#8221;https:\/\/qhapaqnan.qiri.cl\/wp-content\/uploads\/2022\/05\/volcan-parinacota-1346707279.jpg&#8221; title_text=&#8221;volcan-parinacota-1346707279&#8243; _builder_version=&#8221;4.17.4&#8243; _module_preset=&#8221;default&#8221; border_radii=&#8221;on|10px|10px|10px|10px&#8221; box_shadow_style=&#8221;preset1&#8243; global_colors_info=&#8221;{}&#8221;][\/et_pb_image][\/et_pb_column][et_pb_column type=&#8221;1_2&#8243; _builder_version=&#8221;4.17.3&#8243; _module_preset=&#8221;default&#8221; global_colors_info=&#8221;{}&#8221;][et_pb_text _builder_version=&#8221;4.17.4&#8243; _module_preset=&#8221;default&#8221; text_font=&#8221;Archivo||||||||&#8221; header_2_text_color=&#8221;gcid-8e15a60b-178f-494d-8d96-a26d31d91203&#8243; text_orientation=&#8221;right&#8221; custom_padding=&#8221;||1px|||&#8221; inline_fonts=&#8221;Archivo&#8221; global_colors_info=&#8221;{%22gcid-8e15a60b-178f-494d-8d96-a26d31d91203%22:%91%22header_2_text_color%22%93}&#8221;]<\/p>\n<div class=\"page\" title=\"p\u00e1gina 5\">\n<div class=\"section\">\n<div class=\"layoutArea\">\n<div class=\"column\">\n<div class=\"page\" title=\"p\u00e1gina 5\">\n<div class=\"section\">\n<div class=\"layoutArea\">\n<div class=\"column\">\n<div class=\"page\" title=\"p\u00e1gina 5\">\n<div class=\"section\">\n<div class=\"layoutArea\">\n<div class=\"column\">\n<h2><span style=\"text-decoration: underline;font-family: Archivo\"><span style=\"font-weight: normal\"><strong>Volcan de parinacota<\/strong><\/span><\/span><\/h2>\n<\/div>\n<\/div>\n<\/div>\n<\/div>\n<\/div>\n<\/div>\n<\/div>\n<\/div>\n<\/div>\n<\/div>\n<\/div>\n<\/div>\n<p>[\/et_pb_text][et_pb_text _builder_version=&#8221;4.17.4&#8243; _module_preset=&#8221;default&#8221; text_font=&#8221;Archivo||||||||&#8221; text_font_size=&#8221;18px&#8221; custom_margin=&#8221;50px||||false|false&#8221; inline_fonts=&#8221;Archivo&#8221; global_colors_info=&#8221;{}&#8221;]<\/p>\n<div class=\"page\" title=\"p\u00e1gina 5\">\n<div class=\"section\">\n<div class=\"layoutArea\">\n<div class=\"column\">\n<div class=\"page\" title=\"p\u00e1gina 5\">\n<div class=\"section\">\n<div class=\"layoutArea\">\n<div class=\"column\">\n<div class=\"page\" title=\"p\u00e1gina 5\">\n<div class=\"section\">\n<div class=\"layoutArea\">\n<div class=\"column\">\n<p><span style=\"font-family: Archivo\">Este lugar es uno de los volcanes m\u00e1s joven que forman el grupo de los Nevados de Payachata a lo largo de la frontera entre Chile y Bolivia. Este es un volc\u00e1n sim\u00e9trico, de 6336 m de altura, la cual forma un volc\u00e1n gemelo con el volc\u00e1n Pomerape, de 6222 m de altura. El colapso del Parinacota fue hace varios miles a\u00f1os, lo cual produjo una avalancha de escombros de varios km que recorri\u00f3 22 km al oeste y bloque\u00f3 los drenajes, formando con este suceso el lago Chungar\u00e1.<\/span><\/p>\n<\/div>\n<\/div>\n<\/div>\n<\/div>\n<\/div>\n<\/div>\n<\/div>\n<\/div>\n<p>&nbsp;<\/p>\n<\/div>\n<\/div>\n<\/div>\n<\/div>\n<p>[\/et_pb_text][\/et_pb_column][\/et_pb_row][et_pb_row column_structure=&#8221;1_2,1_2&#8243; _builder_version=&#8221;4.17.3&#8243; _module_preset=&#8221;default&#8221; global_colors_info=&#8221;{}&#8221;][et_pb_column type=&#8221;1_2&#8243; _builder_version=&#8221;4.17.3&#8243; _module_preset=&#8221;default&#8221; global_colors_info=&#8221;{}&#8221;][et_pb_image src=&#8221;https:\/\/qhapaqnan.qiri.cl\/wp-content\/uploads\/2022\/05\/image.php_.jpg&#8221; title_text=&#8221;image.php&#8221; _builder_version=&#8221;4.17.4&#8243; _module_preset=&#8221;default&#8221; border_radii=&#8221;on|10px|10px|10px|10px&#8221; box_shadow_style=&#8221;preset1&#8243; global_colors_info=&#8221;{}&#8221;][\/et_pb_image][\/et_pb_column][et_pb_column type=&#8221;1_2&#8243; _builder_version=&#8221;4.17.3&#8243; _module_preset=&#8221;default&#8221; global_colors_info=&#8221;{}&#8221;][et_pb_text _builder_version=&#8221;4.17.4&#8243; _module_preset=&#8221;default&#8221; text_font=&#8221;Archivo||||||||&#8221; header_2_text_color=&#8221;gcid-8e15a60b-178f-494d-8d96-a26d31d91203&#8243; text_orientation=&#8221;right&#8221; custom_padding=&#8221;||1px|||&#8221; inline_fonts=&#8221;Archivo&#8221; global_colors_info=&#8221;{%22gcid-8e15a60b-178f-494d-8d96-a26d31d91203%22:%91%22header_2_text_color%22%93}&#8221;]<\/p>\n<div class=\"page\" title=\"p\u00e1gina 5\">\n<div class=\"section\">\n<div class=\"layoutArea\">\n<div class=\"column\">\n<div class=\"page\" title=\"p\u00e1gina 5\">\n<div class=\"section\">\n<div class=\"layoutArea\">\n<div class=\"column\">\n<div class=\"page\" title=\"p\u00e1gina 5\">\n<div class=\"section\">\n<div class=\"layoutArea\">\n<div class=\"column\">\n<h2><span style=\"text-decoration: underline;font-family: Archivo\"><span style=\"font-weight: normal\"><strong>Termas de pollequire<\/strong><\/span><\/span><\/h2>\n<\/div>\n<\/div>\n<\/div>\n<\/div>\n<\/div>\n<\/div>\n<\/div>\n<\/div>\n<\/div>\n<\/div>\n<\/div>\n<\/div>\n<p>[\/et_pb_text][et_pb_text _builder_version=&#8221;4.17.4&#8243; _module_preset=&#8221;default&#8221; text_font=&#8221;Archivo||||||||&#8221; text_font_size=&#8221;18px&#8221; inline_fonts=&#8221;Archivo&#8221; global_colors_info=&#8221;{}&#8221;]<\/p>\n<div class=\"page\" title=\"p\u00e1gina 5\">\n<div class=\"section\">\n<div class=\"layoutArea\">\n<div class=\"column\">\n<div class=\"page\" title=\"p\u00e1gina 5\">\n<div class=\"section\">\n<div class=\"layoutArea\">\n<div class=\"column\">\n<div class=\"page\" title=\"p\u00e1gina 5\">\n<div class=\"section\">\n<div class=\"layoutArea\">\n<div class=\"column\">\n<p><span style=\"font-family: Archivo;font-weight: normal\">Ubicada en el lago de Surire esta terma se encuentran a 4300 metros de altura. En la orilla estas aguas tienen una temperatura de 38\u00b0, en el centro de la laguna, est\u00e1s toman una temperatura mayor a 40\u00ba, y ya cerca del origen el agua tendr\u00e1 la elevada temperatura de m\u00e1s 60 grados. Estas termas en t\u00e9rminos de calidad son muy buenas, el olor a tierra que posee y los minerales que son muy beneficioso para la regeneraci\u00f3n y ayuda a la mejora de la calidad de vida de la persona.<\/span><\/p>\n<\/div>\n<\/div>\n<\/div>\n<\/div>\n<\/div>\n<\/div>\n<\/div>\n<\/div>\n<p>&nbsp;<\/p>\n<\/div>\n<\/div>\n<\/div>\n<\/div>\n<p>[\/et_pb_text][\/et_pb_column][\/et_pb_row][\/et_pb_section]<\/p>","protected":false},"excerpt":{"rendered":"<p>Tourism Places and discover Cruz de mayo The cruces de mayo, are a syncretism between Catholicism and the tribute of the Malkus or tutelary hills. In this festivity of the cruces de Mayo different villages are visited and honoured by the devotees who attend their apacheta to pilgrimage several kilometres from the town. During this [&hellip;]<\/p>","protected":false},"author":1,"featured_media":0,"parent":0,"menu_order":0,"comment_status":"closed","ping_status":"closed","template":"","meta":{"_et_pb_use_builder":"on","_et_pb_old_content":"<!-- wp:divi\/placeholder \/-->","_et_gb_content_width":"","footnotes":""},"class_list":["post-324","page","type-page","status-publish","hentry"],"_links":{"self":[{"href":"https:\/\/qhapaqnan.qiri.cl\/es\/wp-json\/wp\/v2\/pages\/324","targetHints":{"allow":["GET"]}}],"collection":[{"href":"https:\/\/qhapaqnan.qiri.cl\/es\/wp-json\/wp\/v2\/pages"}],"about":[{"href":"https:\/\/qhapaqnan.qiri.cl\/es\/wp-json\/wp\/v2\/types\/page"}],"author":[{"embeddable":true,"href":"https:\/\/qhapaqnan.qiri.cl\/es\/wp-json\/wp\/v2\/users\/1"}],"replies":[{"embeddable":true,"href":"https:\/\/qhapaqnan.qiri.cl\/es\/wp-json\/wp\/v2\/comments?post=324"}],"version-history":[{"count":29,"href":"https:\/\/qhapaqnan.qiri.cl\/es\/wp-json\/wp\/v2\/pages\/324\/revisions"}],"predecessor-version":[{"id":3040,"href":"https:\/\/qhapaqnan.qiri.cl\/es\/wp-json\/wp\/v2\/pages\/324\/revisions\/3040"}],"wp:attachment":[{"href":"https:\/\/qhapaqnan.qiri.cl\/es\/wp-json\/wp\/v2\/media?parent=324"}],"curies":[{"name":"wp","href":"https:\/\/api.w.org\/{rel}","templated":true}]}}