{"id":244,"date":"2022-05-10T10:08:09","date_gmt":"2022-05-10T10:08:09","guid":{"rendered":"https:\/\/qhapaqnan.qiri.cl\/?page_id=244"},"modified":"2022-05-13T03:44:12","modified_gmt":"2022-05-13T03:44:12","slug":"cosmovision","status":"publish","type":"page","link":"https:\/\/qhapaqnan.qiri.cl\/fr\/cosmovision\/","title":{"rendered":"Cosmovision"},"content":{"rendered":"<p>[et_pb_section fb_built=&#8221;1&#8243; admin_label=&#8221;Hero Section&#8221; _builder_version=&#8221;4.17.3&#8243; _module_preset=&#8221;default&#8221; use_background_color_gradient=&#8221;on&#8221; background_color_gradient_direction=&#8221;90deg&#8221; background_color_gradient_stops=&#8221;#f4f0e9 0%|rgba(244,240,233,0) 0%&#8221; background_color_gradient_overlays_image=&#8221;on&#8221; background_color_gradient_start=&#8221;#f4f0e9&#8243; background_color_gradient_start_position=&#8221;30%&#8221; background_color_gradient_end=&#8221;rgba(244,240,233,0)&#8221; background_image=&#8221;https:\/\/qhapaqnan.qiri.cl\/wp-content\/uploads\/2022\/05\/Cosmovision-by-Belen-V.-Dubo-scaled.jpg&#8221; background_repeat=&#8221;repeat&#8221; width=&#8221;100%&#8221; max_width=&#8221;100%&#8221; min_height=&#8221;783px&#8221; height=&#8221;1000px&#8221; max_height=&#8221;702px&#8221; custom_margin=&#8221;||-7px|||&#8221; custom_padding=&#8221;24.6%|0px|0%|0px||&#8221; global_colors_info=&#8221;{}&#8221;][et_pb_row custom_padding_last_edited=&#8221;off|desktop&#8221; admin_label=&#8221;Hero Area&#8221; _builder_version=&#8221;4.17.3&#8243; _module_preset=&#8221;default&#8221; custom_padding=&#8221;27px|0px|0px|0px&#8221; hover_enabled=&#8221;0&#8243; global_colors_info=&#8221;{}&#8221; sticky_enabled=&#8221;0&#8243;][et_pb_column type=&#8221;4_4&#8243; _builder_version=&#8221;4.16&#8243; _module_preset=&#8221;default&#8221; custom_padding=&#8221;|||&#8221; global_colors_info=&#8221;{}&#8221; custom_padding__hover=&#8221;|||&#8221;][et_pb_text _builder_version=&#8221;4.17.3&#8243; _module_preset=&#8221;default&#8221; text_font=&#8221;Archivo Black||||||||&#8221; text_text_color=&#8221;#FFFFFF&#8221; text_font_size=&#8221;50px&#8221; header_font=&#8221;Archivo Black||||||||&#8221; header_font_size=&#8221;59px&#8221; min_height=&#8221;77px&#8221; hover_enabled=&#8221;0&#8243; inline_fonts=&#8221;Archivo&#8221; global_colors_info=&#8221;{}&#8221; sticky_enabled=&#8221;0&#8243;]<\/p>\n<p style=\"text-align: center\"><span style=\"font-family: Archivo\">COSMOVISION<\/span><\/p>\n<p>[\/et_pb_text][\/et_pb_column][\/et_pb_row][\/et_pb_section][et_pb_section fb_built=&#8221;1&#8243; admin_label=&#8221;Our Specialties Section&#8221; _builder_version=&#8221;4.17.3&#8243; _module_preset=&#8221;default&#8221; background_color=&#8221;gcid-ec3e0492-0847-45d4-8398-c152a150c876&#8243; custom_padding=&#8221;47px||6px|||&#8221; global_colors_info=&#8221;{%22gcid-ec3e0492-0847-45d4-8398-c152a150c876%22:%91%22background_color%22%93}&#8221;][et_pb_row _builder_version=&#8221;4.17.3&#8243; _module_preset=&#8221;default&#8221; global_colors_info=&#8221;{}&#8221;][et_pb_column type=&#8221;4_4&#8243; _builder_version=&#8221;4.17.3&#8243; _module_preset=&#8221;default&#8221; global_colors_info=&#8221;{}&#8221;][et_pb_counters bar_bg_color=&#8221;gcid-6e69ebf5-1bb9-480e-a942-e7403e84c466&#8243; use_percentages=&#8221;off&#8221; _builder_version=&#8221;4.17.3&#8243; _module_preset=&#8221;default&#8221; percent_text_color=&#8221;gcid-6e69ebf5-1bb9-480e-a942-e7403e84c466&#8243; background_color=&#8221;gcid-6e69ebf5-1bb9-480e-a942-e7403e84c466&#8243; min_height=&#8221;117px&#8221; custom_margin=&#8221;-46px|||||&#8221; global_colors_info=&#8221;{%22gcid-6e69ebf5-1bb9-480e-a942-e7403e84c466%22:%91%22background_color%22,%22bar_bg_color%22,%22percent_text_color%22%93}&#8221;][et_pb_counter _builder_version=&#8221;4.17.3&#8243; _module_preset=&#8221;default&#8221; global_colors_info=&#8221;{}&#8221;][\/et_pb_counter][\/et_pb_counters][\/et_pb_column][\/et_pb_row][et_pb_row column_structure=&#8221;1_5,3_5,1_5&#8243; admin_label=&#8221;Title Area&#8221; _builder_version=&#8221;4.17.3&#8243; _module_preset=&#8221;default&#8221; min_height=&#8221;365px&#8221; custom_padding=&#8221;29px||0px|||&#8221; global_colors_info=&#8221;{}&#8221;][et_pb_column type=&#8221;1_5&#8243; _builder_version=&#8221;4.16&#8243; _module_preset=&#8221;default&#8221; custom_padding=&#8221;|||&#8221; global_colors_info=&#8221;{}&#8221; custom_padding__hover=&#8221;|||&#8221;][et_pb_divider show_divider=&#8221;off&#8221; _builder_version=&#8221;4.17.3&#8243; _module_preset=&#8221;default&#8221; min_height=&#8221;3px&#8221; custom_margin=&#8221;||0px|||&#8221; global_colors_info=&#8221;{}&#8221;][\/et_pb_divider][et_pb_divider color=&#8221;#2a2a2a&#8221; divider_weight=&#8221;3px&#8221; _builder_version=&#8221;4.16&#8243; _module_preset=&#8221;default&#8221; max_width=&#8221;322px&#8221; module_alignment=&#8221;center&#8221; min_height=&#8221;0px&#8221; custom_margin=&#8221;||10px|&#8221; animation_style=&#8221;slide&#8221; animation_direction=&#8221;top&#8221; animation_intensity_slide=&#8221;30%&#8221; animation_starting_opacity=&#8221;100%&#8221; global_colors_info=&#8221;{}&#8221;][\/et_pb_divider][\/et_pb_column][et_pb_column type=&#8221;3_5&#8243; _builder_version=&#8221;4.16&#8243; _module_preset=&#8221;default&#8221; custom_padding=&#8221;|||&#8221; global_colors_info=&#8221;{}&#8221; custom_padding__hover=&#8221;|||&#8221;][et_pb_text admin_label=&#8221;Title&#8221; _builder_version=&#8221;4.17.3&#8243; _module_preset=&#8221;default&#8221; text_font=&#8221;||||||||&#8221; text_text_color=&#8221;gcid-82bbefcc-7d26-495d-88c2-748f0f461182&#8243; header_font=&#8221;||||||||&#8221; header_2_font=&#8221;Archivo||||||||&#8221; header_2_text_align=&#8221;center&#8221; header_2_font_size=&#8221;42px&#8221; header_2_line_height=&#8221;1.3em&#8221; width=&#8221;100%&#8221; custom_margin=&#8221;||20px|0px||&#8221; animation_style=&#8221;slide&#8221; animation_direction=&#8221;top&#8221; animation_intensity_slide=&#8221;30%&#8221; animation_starting_opacity=&#8221;100%&#8221; inline_fonts=&#8221;Archivo&#8221; global_colors_info=&#8221;{%22gcid-82bbefcc-7d26-495d-88c2-748f0f461182%22:%91%22text_text_color%22%93}&#8221;]<\/p>\n<h2><span style=\"font-family: Archivo;font-weight: normal\">Qu'est-ce que la Cosmovision?<\/span><\/h2>\n<p>[\/et_pb_text][et_pb_text _builder_version=&#8221;4.17.3&#8243; _module_preset=&#8221;default&#8221; text_font=&#8221;Archivo||||||||&#8221; text_font_size=&#8221;16px&#8221; inline_fonts=&#8221;Archivo&#8221; global_colors_info=&#8221;{}&#8221;]<\/p>\n<p style=\"text-align: center\" class=\" translation-block\">C'est la fa\u00e7on dont les humains, en liaison avec la terre et le cosmos. La fa\u00e7on de voir, de sentir et de percevoir la r\u00e9alit\u00e9 comme un tout. Dans le cas des pueblos andins pr\u00e9hispaniques, ils comprennent qu'il existe deux grandes forces : la force cosmique, qui vient de l'univers, du ciel ou des cieux (Pachakama ou Pachatama : la dimension invisible, qui fournit la protection, l'orientation et la direction) ; et la force terrestre, qui vient de la terre (Pachamama ; la dimension visible, qui fournit la nourriture, l'alimentation et l'abri). Les deux forces sont li\u00e9es par l'Ayni, c'est-\u00e0-dire la r\u00e9ciprocit\u00e9 et la compl\u00e9mentarit\u00e9.<\/p>\n<p>[\/et_pb_text][\/et_pb_column][et_pb_column type=&#8221;1_5&#8243; _builder_version=&#8221;4.17.3&#8243; _module_preset=&#8221;default&#8221; global_colors_info=&#8221;{}&#8221;][et_pb_divider show_divider=&#8221;off&#8221; _builder_version=&#8221;4.17.3&#8243; _module_preset=&#8221;default&#8221; custom_margin=&#8221;||8px|||&#8221; global_colors_info=&#8221;{}&#8221;][\/et_pb_divider][et_pb_divider color=&#8221;#2a2a2a&#8221; divider_weight=&#8221;3px&#8221; _builder_version=&#8221;4.16&#8243; _module_preset=&#8221;default&#8221; max_width=&#8221;368px&#8221; module_alignment=&#8221;center&#8221; min_height=&#8221;7px&#8221; custom_margin=&#8221;||10px|&#8221; animation_style=&#8221;slide&#8221; animation_direction=&#8221;top&#8221; animation_intensity_slide=&#8221;30%&#8221; animation_starting_opacity=&#8221;100%&#8221; global_colors_info=&#8221;{}&#8221;][\/et_pb_divider][\/et_pb_column][\/et_pb_row][\/et_pb_section][et_pb_section fb_built=&#8221;1&#8243; _builder_version=&#8221;4.17.3&#8243; _module_preset=&#8221;default&#8221; background_color=&#8221;gcid-ec3e0492-0847-45d4-8398-c152a150c876&#8243; custom_margin=&#8221;-91px|||||&#8221; custom_padding=&#8221;48px|177px|22px|198px||&#8221; global_colors_info=&#8221;{%22gcid-ec3e0492-0847-45d4-8398-c152a150c876%22:%91%22background_color%22%93}&#8221;][et_pb_row column_structure=&#8221;2_5,3_5&#8243; _builder_version=&#8221;4.17.3&#8243; _module_preset=&#8221;default&#8221; global_colors_info=&#8221;{}&#8221;][et_pb_column type=&#8221;2_5&#8243; _builder_version=&#8221;4.17.3&#8243; _module_preset=&#8221;default&#8221; global_colors_info=&#8221;{}&#8221;][et_pb_image src=&#8221;https:\/\/qhapaqnan.qiri.cl\/wp-content\/uploads\/2022\/05\/Capture-decran-2022-05-12-a-10.20.56.png&#8221; alt=&#8221;Esquema realizado en un dibujo por Ken Dallison, publicado en National Geographic. El espacio. 2003&#8243; title_text=&#8221;Capture d\u2019\u00e9cran 2022-05-12 \u00e0 10.20.56&#8243; _builder_version=&#8221;4.17.3&#8243; _module_preset=&#8221;default&#8221; min_height=&#8221;197px&#8221; global_colors_info=&#8221;{}&#8221;][\/et_pb_image][\/et_pb_column][et_pb_column type=&#8221;3_5&#8243; _builder_version=&#8221;4.17.3&#8243; _module_preset=&#8221;default&#8221; global_colors_info=&#8221;{}&#8221;][et_pb_text _builder_version=&#8221;4.17.3&#8243; _module_preset=&#8221;default&#8221; text_font=&#8221;Archivo||||||||&#8221; text_font_size=&#8221;16px&#8221; custom_margin=&#8221;117px|||||&#8221; global_colors_info=&#8221;{}&#8221;]<\/p>\n<p style=\"text-align: justify\"><span data-contrast=\"auto\">La Cosmovision andine consid\u00e8re que la nature, l'homme et la Pachamama (Terre M\u00e8re) forment un tout et qu'ils vivent en perp\u00e9tuelle relation. Et ils sont s\u00e9par\u00e9s en trois plans.<\/span><span data-contrast=\"auto\"><\/span><span data-ccp-props=\"{&quot;201341983&quot;:0,&quot;335551550&quot;:6,&quot;335551620&quot;:6,&quot;335559739&quot;:160,&quot;335559740&quot;:259}\"><\/span><\/p>\n<p>[\/et_pb_text][\/et_pb_column][\/et_pb_row][et_pb_row column_structure=&#8221;1_3,1_3,1_3&#8243; _builder_version=&#8221;4.17.3&#8243; _module_preset=&#8221;default&#8221; global_colors_info=&#8221;{}&#8221;][et_pb_column type=&#8221;1_3&#8243; _builder_version=&#8221;4.17.3&#8243; _module_preset=&#8221;default&#8221; global_colors_info=&#8221;{}&#8221;][et_pb_text _builder_version=&#8221;4.17.3&#8243; _module_preset=&#8221;default&#8221; text_font=&#8221;Archivo||||||||&#8221; text_font_size=&#8221;16px&#8221; width=&#8221;99.8%&#8221; custom_padding=&#8221;5px|5px|5px|5px|false|false&#8221; border_radii=&#8221;on|5px|5px|5px|5px&#8221; border_width_all=&#8221;1px&#8221; border_color_all=&#8221;gcid-7afeed5f-41fc-4f5d-9890-f9569f9927d2&#8243; box_shadow_style=&#8221;preset3&#8243; global_colors_info=&#8221;{%22gcid-7afeed5f-41fc-4f5d-9890-f9569f9927d2%22:%91%22border_color_all%22%93}&#8221;]<\/p>\n<p style=\"text-align: justify\"><i><span><strong>1.\u00a0<\/strong><\/span><\/i><span lang=\"EN-US\">D'abord \"Le monde des dieux\" appel\u00e9 <i>Hanan Pacha<\/i>.<\/span><\/p>\n<div><\/div>\n<div><\/div>\n<p>[\/et_pb_text][\/et_pb_column][et_pb_column type=&#8221;1_3&#8243; _builder_version=&#8221;4.17.3&#8243; _module_preset=&#8221;default&#8221; global_colors_info=&#8221;{}&#8221;][et_pb_text _builder_version=&#8221;4.17.3&#8243; _module_preset=&#8221;default&#8221; text_font=&#8221;Archivo||||||||&#8221; text_font_size=&#8221;16px&#8221; custom_padding=&#8221;5px|5px|5px|5px|false|false&#8221; border_radii=&#8221;on|5px|5px|5px|5px&#8221; border_width_all=&#8221;1px&#8221; border_color_all=&#8221;gcid-7afeed5f-41fc-4f5d-9890-f9569f9927d2&#8243; box_shadow_style=&#8221;preset3&#8243; global_colors_info=&#8221;{%22gcid-7afeed5f-41fc-4f5d-9890-f9569f9927d2%22:%91%22border_color_all%22%93}&#8221;]<\/p>\n<div style=\"text-align: justify\">\n<p><i><i><span><strong>2.\u00a0<\/strong><\/span><\/i><\/i>Deuxi\u00e8mement \"Le monde des hommes\" appel\u00e9 <i>Kai Pacha<\/i>.<\/p>\n<div><\/div>\n<\/div>\n<div><\/div>\n<p>[\/et_pb_text][\/et_pb_column][et_pb_column type=&#8221;1_3&#8243; _builder_version=&#8221;4.17.3&#8243; _module_preset=&#8221;default&#8221; global_colors_info=&#8221;{}&#8221;][et_pb_text _builder_version=&#8221;4.17.3&#8243; _module_preset=&#8221;default&#8221; text_font=&#8221;Archivo||||||||&#8221; text_font_size=&#8221;16px&#8221; custom_padding=&#8221;5px|5px|5px|5px|false|false&#8221; border_radii=&#8221;on|5px|5px|5px|5px&#8221; border_width_all=&#8221;1px&#8221; border_color_all=&#8221;gcid-7afeed5f-41fc-4f5d-9890-f9569f9927d2&#8243; box_shadow_style=&#8221;preset3&#8243; global_colors_info=&#8221;{%22gcid-7afeed5f-41fc-4f5d-9890-f9569f9927d2%22:%91%22border_color_all%22%93}&#8221;]<\/p>\n<p style=\"text-align: justify\"><em><strong>3.\u00a0<\/strong><\/em><span lang=\"EN-US\">Troisi\u00e8mement, \"Le monde des morts\" appel\u00e9 <i>Ukhu Pacha<\/i>.<\/span><\/p>\n<div><\/div>\n<p>[\/et_pb_text][\/et_pb_column][\/et_pb_row][\/et_pb_section][et_pb_section fb_built=&#8221;1&#8243; admin_label=&#8221;Feature Section&#8221; _builder_version=&#8221;4.17.3&#8243; _module_preset=&#8221;default&#8221; background_color=&#8221;gcid-ec3e0492-0847-45d4-8398-c152a150c876&#8243; background_image=&#8221;https:\/\/qhapaqnan.qiri.cl\/wp-content\/uploads\/2022\/05\/7_img.png&#8221; background_size=&#8221;stretch&#8221; custom_padding=&#8221;209px|0px|0px|0px||&#8221; global_colors_info=&#8221;{%22gcid-ec3e0492-0847-45d4-8398-c152a150c876%22:%91%22background_color%22%93}&#8221;][et_pb_row column_structure=&#8221;2_3,1_3&#8243; admin_label=&#8221;Title Area&#8221; _builder_version=&#8221;4.16&#8243; _module_preset=&#8221;default&#8221; custom_margin=&#8221;-4px|auto||auto||&#8221; custom_padding=&#8221;2px|||||&#8221; locked=&#8221;off&#8221; global_colors_info=&#8221;{}&#8221;][et_pb_column type=&#8221;2_3&#8243; _builder_version=&#8221;4.16&#8243; _module_preset=&#8221;default&#8221; custom_padding=&#8221;|||&#8221; global_colors_info=&#8221;{}&#8221; custom_padding__hover=&#8221;|||&#8221;][et_pb_text admin_label=&#8221;Title&#8221; _builder_version=&#8221;4.17.3&#8243; _module_preset=&#8221;default&#8221; text_font=&#8221;Archivo||||||||&#8221; header_font=&#8221;||||||||&#8221; header_2_font=&#8221;Archivo||||||||&#8221; header_2_text_align=&#8221;center&#8221; header_2_font_size=&#8221;42px&#8221; header_2_line_height=&#8221;1.3em&#8221; custom_margin=&#8221;85px||20px|||&#8221; animation_style=&#8221;slide&#8221; animation_direction=&#8221;top&#8221; animation_intensity_slide=&#8221;30%&#8221; animation_starting_opacity=&#8221;100%&#8221; global_colors_info=&#8221;{}&#8221;]<\/p>\n<h2 style=\"text-align: left\"><span data-contrast=\"none\" xml:lang=\"EN-US\" lang=\"EN-US\" class=\"TextRun MacChromeBold SCXW209880848 BCX9\"><span class=\"NormalTextRun SCXW209880848 BCX9\">D\u00e9esse Pachamama<\/span><\/span><span class=\"EOP SCXW209880848 BCX9\" data-ccp-props=\"{&quot;201341983&quot;:0,&quot;335559739&quot;:160,&quot;335559740&quot;:259}\">\u00a0<\/span><\/h2>\n<p>[\/et_pb_text][et_pb_text admin_label=&#8221;Subtitle&#8221; _builder_version=&#8221;4.17.3&#8243; _module_preset=&#8221;default&#8221; text_font=&#8221;Archivo||||||||&#8221; text_font_size=&#8221;16px&#8221; text_line_height=&#8221;1.8em&#8221; text_orientation=&#8221;center&#8221; max_width=&#8221;700px&#8221; module_alignment=&#8221;center&#8221; min_height=&#8221;230px&#8221; animation_style=&#8221;slide&#8221; animation_direction=&#8221;top&#8221; animation_intensity_slide=&#8221;20%&#8221; animation_starting_opacity=&#8221;100%&#8221; global_colors_info=&#8221;{}&#8221;]<\/p>\n<p style=\"text-align: justify\" class=\" translation-block\">Pachamama d\u00e9rive d'une combinaison du mot quechua \"Pacha\", qui repr\u00e9sente l'univers, le temps, et \"mama\", qui est la m\u00e8re.<\/p>\n<p style=\"text-align: justify\">Pour les communaut\u00e9s andines, c'\u00e9tait la \"Terre M\u00e8re\", toujours pr\u00e9sente et ind\u00e9pendante. Elle pr\u00e9side aux semailles et aux r\u00e9coltes, et gr\u00e2ce \u00e0 son pouvoir, elle maintient et cr\u00e9e une nouvelle vie sur cette terre, tout comme elle provoque les tremblements de terre. Elle incarne les montagnes, les rochers sacr\u00e9s ou les troncs d'arbres ancestraux. En outre, on lui attribue l'origine des quatre principes cosmologiques andins : l'eau, le sol, le soleil et la lune.<\/p>\n<p style=\"text-align: justify\">Elle est la m\u00e8re d'Inti (le dieu du soleil), et on dit qu'elle est aussi sa femme. Et la m\u00e8re de Mama Killa (la d\u00e9esse de la lune) aussi.<\/p>\n<p>[\/et_pb_text][et_pb_text _builder_version=&#8221;4.17.3&#8243; _module_preset=&#8221;default&#8221; text_font=&#8221;Archivo||||||||&#8221; text_font_size=&#8221;16px&#8221; custom_padding=&#8221;10px|10px|10px|10px|false|false&#8221; border_width_all=&#8221;1px&#8221; border_color_all=&#8221;gcid-8e15a60b-178f-494d-8d96-a26d31d91203&#8243; box_shadow_style=&#8221;preset4&#8243; global_colors_info=&#8221;{%22gcid-8e15a60b-178f-494d-8d96-a26d31d91203%22:%91%22border_color_all%22%93}&#8221;]<\/p>\n<p style=\"text-align: justify\">Cependant, en raison de l'impact de la religion catholique sur certains de ces groupes pr\u00e9hispaniques, il est difficile de conceptualiser leur cosmovision. En effet, les deux cultures, l'occidentale (les Espagnols) et l'andine, sont tr\u00e8s diff\u00e9rentes.<\/p>\n<p style=\"text-align: justify\"><strong>-Juan Chacama, arch\u00e9ologue.<\/strong><\/p>\n<p style=\"text-align: justify\">C'est l\u00e0 que le \"syncr\u00e9tisme\" joue un r\u00f4le important.<\/p>\n<p style=\"text-align: justify\">Le syncr\u00e9tisme est connu comme la \"fusion\" entre diff\u00e9rents courants, dans ce cas, religieux. La cosmovision native et originale des diff\u00e9rents groupes humains andins se m\u00e9lange, ou fusionne, avec la religion catholique apport\u00e9e par les Espagnols. En fait, nous pouvons le remarquer de nos jours, lorsqu'ils font leurs festivit\u00e9s.<\/p>\n<p>[\/et_pb_text][\/et_pb_column][et_pb_column type=&#8221;1_3&#8243; _builder_version=&#8221;4.16&#8243; _module_preset=&#8221;default&#8221; custom_padding=&#8221;|||&#8221; global_colors_info=&#8221;{}&#8221; custom_padding__hover=&#8221;|||&#8221;][et_pb_image src=&#8221;https:\/\/qhapaqnan.qiri.cl\/wp-content\/uploads\/2022\/05\/Capture-decran-2022-05-12-a-10.21.14.png&#8221; alt=&#8221;\u201cWorld People&#8217;s Conference on Climate Change and the Rights of Mother Earth &#8211; Cochabamba, Bolivia\u201d  Illustration by Kris Kr\u00fcg (2010)&#8221; title_text=&#8221;Capture d\u2019\u00e9cran 2022-05-12 \u00e0 10.21.14&#8243; _builder_version=&#8221;4.17.3&#8243; _module_preset=&#8221;default&#8221; custom_padding=&#8221;0px|||||&#8221; global_colors_info=&#8221;{}&#8221;][\/et_pb_image][\/et_pb_column][\/et_pb_row][\/et_pb_section][et_pb_section fb_built=&#8221;1&#8243; _builder_version=&#8221;4.17.3&#8243; _module_preset=&#8221;default&#8221; background_image=&#8221;https:\/\/qhapaqnan.qiri.cl\/wp-content\/uploads\/2022\/05\/Capture-decran-2022-05-12-a-10.21.38.png&#8221; custom_padding=&#8221;||473px|||&#8221; global_colors_info=&#8221;{}&#8221;][\/et_pb_section][et_pb_section fb_built=&#8221;1&#8243; _builder_version=&#8221;4.17.3&#8243; _module_preset=&#8221;default&#8221; background_color=&#8221;gcid-ec3e0492-0847-45d4-8398-c152a150c876&#8243; background_image=&#8221;https:\/\/qhapaqnan.qiri.cl\/wp-content\/uploads\/2022\/05\/7_img.png&#8221; background_size=&#8221;stretch&#8221; global_colors_info=&#8221;{%22gcid-ec3e0492-0847-45d4-8398-c152a150c876%22:%91%22background_color%22%93}&#8221;][et_pb_row column_structure=&#8221;3_5,2_5&#8243; _builder_version=&#8221;4.17.3&#8243; _module_preset=&#8221;default&#8221; custom_padding=&#8221;92px|||||&#8221; global_colors_info=&#8221;{}&#8221;][et_pb_column type=&#8221;3_5&#8243; _builder_version=&#8221;4.17.3&#8243; _module_preset=&#8221;default&#8221; global_colors_info=&#8221;{}&#8221;][et_pb_text _builder_version=&#8221;4.17.3&#8243; _module_preset=&#8221;default&#8221; header_2_font=&#8221;Archivo||||||||&#8221; hover_enabled=&#8221;0&#8243; global_colors_info=&#8221;{}&#8221; text_font=&#8221;Archivo||||||||&#8221; header_font=&#8221;Archivo||||||||&#8221; sticky_enabled=&#8221;0&#8243;]<\/p>\n<h2 style=\"text-align: left\"><span data-contrast=\"none\" xml:lang=\"EN-US\" lang=\"EN-US\" class=\"TextRun Underlined MacChromeBold SCXW212469284 BCX9\"><span class=\"NormalTextRun SCXW212469284 BCX9\">Honneur \u00e0 la Pachamama<\/span><\/span><span data-contrast=\"none\" xml:lang=\"EN-US\" lang=\"EN-US\" class=\"TextRun MacChromeBold SCXW212469284 BCX9\"><span class=\"NormalTextRun SCXW212469284 BCX9\">\u00a0<\/span><\/span><span class=\"EOP SCXW212469284 BCX9\" data-ccp-props=\"{&quot;201341983&quot;:0,&quot;335551550&quot;:1,&quot;335551620&quot;:1,&quot;335559739&quot;:160,&quot;335559740&quot;:259}\">\u00a0<\/span><\/h2>\n<p>[\/et_pb_text][et_pb_text _builder_version=&#8221;4.17.3&#8243; _module_preset=&#8221;default&#8221; text_font=&#8221;Archivo||||||||&#8221; text_font_size=&#8221;16px&#8221; hover_enabled=&#8221;0&#8243; global_colors_info=&#8221;{}&#8221; sticky_enabled=&#8221;0&#8243;]<\/p>\n<p style=\"text-align: justify\"><span data-contrast=\"none\">Dans la tradition inca, elle est la divinit\u00e9 de l'agriculture communautaire, fondement de toute civilisation et de l'\u00c9tat andin. Elle est la plus populaire des croyances mythologiques de la sph\u00e8re inca qui survit encore fortement dans des pays comme le Chili, l'Argentine, la Bolivie et le P\u00e9rou.\u00a0<\/span><span data-ccp-props=\"{&quot;201341983&quot;:0,&quot;335551550&quot;:1,&quot;335551620&quot;:1,&quot;335559739&quot;:160,&quot;335559740&quot;:259}\">\u00a0<\/span><\/p>\n<p style=\"text-align: justify\"><span data-contrast=\"none\">Le 1er ao\u00fbt est le jour o\u00f9 l'on nourrit la Pachamama, pour laquelle on enterre un pot en argile contenant des aliments cuits, ainsi que des feuilles de coca, de l'alcool, du vin, des cigarettes et de la chicha, entre autres.<\/span><span data-ccp-props=\"{&quot;201341983&quot;:0,&quot;335551550&quot;:1,&quot;335551620&quot;:1,&quot;335559739&quot;:160,&quot;335559740&quot;:259}\">\u00a0<\/span><\/p>\n<p>[\/et_pb_text][\/et_pb_column][et_pb_column type=&#8221;2_5&#8243; _builder_version=&#8221;4.17.3&#8243; _module_preset=&#8221;default&#8221; global_colors_info=&#8221;{}&#8221;][\/et_pb_column][\/et_pb_row][\/et_pb_section][et_pb_section fb_built=&#8221;1&#8243; fullwidth=&#8221;on&#8221; admin_label=&#8221;Map Section&#8221; _builder_version=&#8221;4.16&#8243; _module_preset=&#8221;default&#8221; custom_padding=&#8221;0px|0px|0px|0px&#8221; global_colors_info=&#8221;{}&#8221;][\/et_pb_section]<\/p>","protected":false},"excerpt":{"rendered":"<p>COSMOVISIONWhat is cosmovision ?It is the way humans, in conjunction with the earth and the cosmos. The ways of seeing, feeling, and perceiving reality as a total. In the case of Andean prehispanic pueblos, they comprehend there are two big forces: the cosmic one, which comes from the universe, the sky or heaven (Pachakama or [&hellip;]<\/p>","protected":false},"author":1,"featured_media":0,"parent":0,"menu_order":0,"comment_status":"closed","ping_status":"closed","template":"","meta":{"_et_pb_use_builder":"on","_et_pb_old_content":"","_et_gb_content_width":"","footnotes":""},"class_list":["post-244","page","type-page","status-publish","hentry"],"_links":{"self":[{"href":"https:\/\/qhapaqnan.qiri.cl\/fr\/wp-json\/wp\/v2\/pages\/244","targetHints":{"allow":["GET"]}}],"collection":[{"href":"https:\/\/qhapaqnan.qiri.cl\/fr\/wp-json\/wp\/v2\/pages"}],"about":[{"href":"https:\/\/qhapaqnan.qiri.cl\/fr\/wp-json\/wp\/v2\/types\/page"}],"author":[{"embeddable":true,"href":"https:\/\/qhapaqnan.qiri.cl\/fr\/wp-json\/wp\/v2\/users\/1"}],"replies":[{"embeddable":true,"href":"https:\/\/qhapaqnan.qiri.cl\/fr\/wp-json\/wp\/v2\/comments?post=244"}],"version-history":[{"count":26,"href":"https:\/\/qhapaqnan.qiri.cl\/fr\/wp-json\/wp\/v2\/pages\/244\/revisions"}],"predecessor-version":[{"id":2546,"href":"https:\/\/qhapaqnan.qiri.cl\/fr\/wp-json\/wp\/v2\/pages\/244\/revisions\/2546"}],"wp:attachment":[{"href":"https:\/\/qhapaqnan.qiri.cl\/fr\/wp-json\/wp\/v2\/media?parent=244"}],"curies":[{"name":"wp","href":"https:\/\/api.w.org\/{rel}","templated":true}]}}